{"id":131,"date":"2024-12-30T15:11:25","date_gmt":"2024-12-30T14:11:25","guid":{"rendered":"http:\/\/choeurfrancochinoisdeparis.fr\/?page_id=131"},"modified":"2025-06-15T04:53:24","modified_gmt":"2025-06-15T02:53:24","slug":"about-us-fr","status":"publish","type":"page","link":"https:\/\/choeurfrancochinoisdeparis.fr\/index.php\/about-us-fr\/","title":{"rendered":"A propos de nous"},"content":{"rendered":"\n<div class=\"wp-block-cover alignfull\"><span aria-hidden=\"true\" class=\"wp-block-cover__background has-background-dim-40 has-background-dim wp-block-cover__gradient-background has-background-gradient\" style=\"background:linear-gradient(180deg,rgb(157,205,90) 0%,rgb(0,117,62) 100%)\"><\/span><img loading=\"lazy\" decoding=\"async\" width=\"2560\" height=\"1417\" class=\"wp-block-cover__image-background wp-image-169\" alt=\"\" src=\"http:\/\/choeurfrancochinoisdeparis.fr\/wp-content\/uploads\/2024\/12\/1-\u9996\u9875-1-scaled.jpg\" data-object-fit=\"cover\" srcset=\"https:\/\/choeurfrancochinoisdeparis.fr\/wp-content\/uploads\/2024\/12\/1-\u9996\u9875-1-scaled.jpg 2560w, https:\/\/choeurfrancochinoisdeparis.fr\/wp-content\/uploads\/2024\/12\/1-\u9996\u9875-1-300x166.jpg 300w, https:\/\/choeurfrancochinoisdeparis.fr\/wp-content\/uploads\/2024\/12\/1-\u9996\u9875-1-1024x567.jpg 1024w, https:\/\/choeurfrancochinoisdeparis.fr\/wp-content\/uploads\/2024\/12\/1-\u9996\u9875-1-768x425.jpg 768w, https:\/\/choeurfrancochinoisdeparis.fr\/wp-content\/uploads\/2024\/12\/1-\u9996\u9875-1-1536x850.jpg 1536w, https:\/\/choeurfrancochinoisdeparis.fr\/wp-content\/uploads\/2024\/12\/1-\u9996\u9875-1-2048x1133.jpg 2048w\" sizes=\"auto, (max-width: 2560px) 100vw, 2560px\" \/><div class=\"wp-block-cover__inner-container is-layout-flow wp-block-cover-is-layout-flow\">\n<p><\/p>\n<\/div><\/div>\n\n\n\n<div style=\"height:100px\" aria-hidden=\"true\" class=\"wp-block-spacer\"><\/div>\n\n\n\n<div class=\"wp-block-group alignfull has-base-background-color has-background is-layout-constrained wp-container-core-group-is-layout-d89aad35 wp-block-group-is-layout-constrained\" style=\"margin-top:0;margin-bottom:0;padding-top:var(--wp--preset--spacing--50);padding-right:var(--wp--preset--spacing--50);padding-bottom:var(--wp--preset--spacing--50);padding-left:var(--wp--preset--spacing--50)\">\n<div class=\"wp-block-columns alignwide is-layout-flex wp-container-core-columns-is-layout-549b0c86 wp-block-columns-is-layout-flex\">\n<div class=\"wp-block-column is-layout-flow wp-block-column-is-layout-flow\" style=\"flex-basis:50%\">\n<figure class=\"wp-block-image size-full\" style=\"margin-right:var(--wp--preset--spacing--40);margin-left:var(--wp--preset--spacing--40)\"><img loading=\"lazy\" decoding=\"async\" width=\"1440\" height=\"960\" src=\"http:\/\/choeurfrancochinoisdeparis.fr\/wp-content\/uploads\/2024\/12\/IMG_1513.jpg\" alt=\"\" class=\"wp-image-195\" style=\"object-fit:cover\" srcset=\"https:\/\/choeurfrancochinoisdeparis.fr\/wp-content\/uploads\/2024\/12\/IMG_1513.jpg 1440w, https:\/\/choeurfrancochinoisdeparis.fr\/wp-content\/uploads\/2024\/12\/IMG_1513-300x200.jpg 300w, https:\/\/choeurfrancochinoisdeparis.fr\/wp-content\/uploads\/2024\/12\/IMG_1513-1024x683.jpg 1024w, https:\/\/choeurfrancochinoisdeparis.fr\/wp-content\/uploads\/2024\/12\/IMG_1513-768x512.jpg 768w\" sizes=\"auto, (max-width: 1440px) 100vw, 1440px\" \/><\/figure>\n<\/div>\n\n\n\n<div class=\"wp-block-column is-layout-flow wp-container-core-column-is-layout-119bc444 wp-block-column-is-layout-flow\" style=\"flex-basis:50%\">\n<h2 class=\"wp-block-heading has-x-large-font-size\">Pr\u00e9sentation du ch\u0153ur<\/h2>\n\n\n\n<div class=\"wp-block-columns is-layout-flex wp-container-core-columns-is-layout-87beb0d0 wp-block-columns-is-layout-flex\">\n<div class=\"wp-block-column is-layout-flow wp-block-column-is-layout-flow\" style=\"flex-basis:150px\">\n<p class=\"wp-container-content-9cfa9a5a\"><strong>Fondation et Direction Artistique<\/strong><\/p>\n<\/div>\n\n\n\n<div class=\"wp-block-column is-layout-flow wp-block-column-is-layout-flow\">\n<p>Cr\u00e9\u00e9 en octobre 2023 par Kejian Wang et Tingting Chen, le Ch\u0153ur Franco-Chinois de Paris r\u00e9unit des r\u00e9sidents chinois de Paris passionn\u00e9s par le chant choral et la culture. Dirig\u00e9 par Tingting Chen, dipl\u00f4m\u00e9e du Conservatoire de musique de Shanghai, et accompagn\u00e9 par le pianiste Qihang Zhang, le ch\u0153ur s&rsquo;efforce de maintenir une qualit\u00e9 artistique de haut niveau.<\/p>\n\n\n\n<p><\/p>\n<\/div>\n<\/div>\n\n\n\n<div class=\"wp-block-columns is-layout-flex wp-container-core-columns-is-layout-87beb0d0 wp-block-columns-is-layout-flex\">\n<div class=\"wp-block-column is-layout-flow wp-block-column-is-layout-flow\" style=\"flex-basis:150px\">\n<p class=\"wp-container-content-9cfa9a5a\"><strong>R\u00e9pertoire et Activit\u00e9s<\/strong><\/p>\n<\/div>\n\n\n\n<div class=\"wp-block-column is-layout-flow wp-block-column-is-layout-flow\">\n<p>Avec plus de 30 membres actifs, le ch\u0153ur organise des r\u00e9p\u00e9titions hebdomadaires et a d\u00e9velopp\u00e9 un r\u00e9pertoire multilingue impressionnant, chantant en chinois, fran\u00e7ais, anglais, japonais et zoulou. Il se produit fr\u00e9quemment lors d&rsquo;\u00e9v\u00e9nements publics, notamment au festival Music&amp;Friends \u00e0 l\u2019\u00c9glise de la Madeleine, au festival Voix sur Berges, et lors des concerts de No\u00ebl aux lieux embl\u00e9matiques de Paris.<\/p>\n\n\n\n<p><\/p>\n<\/div>\n<\/div>\n\n\n\n<div class=\"wp-block-columns is-layout-flex wp-container-core-columns-is-layout-87beb0d0 wp-block-columns-is-layout-flex\">\n<div class=\"wp-block-column is-layout-flow wp-block-column-is-layout-flow\" style=\"flex-basis:150px\">\n<p class=\"wp-container-content-9cfa9a5a\"><strong>Une Mission de Dialogue Culturel<\/strong><\/p>\n<\/div>\n\n\n\n<div class=\"wp-block-column is-layout-flow wp-block-column-is-layout-flow\">\n<p>Le Ch\u0153ur Franco-Chinois de Paris aspire \u00e0 \u00eatre un pont entre les cultures, mettant en avant la richesse des voix unies au-del\u00e0 des fronti\u00e8res.<\/p>\n<\/div>\n<\/div>\n<\/div>\n<\/div>\n<\/div>\n\n\n\n<div style=\"height:100px\" aria-hidden=\"true\" class=\"wp-block-spacer\"><\/div>\n\n\n\n<div class=\"wp-block-group alignfull has-background is-layout-constrained wp-container-core-group-is-layout-d89aad35 wp-block-group-is-layout-constrained\" style=\"background:linear-gradient(180deg,rgb(157,205,90) 0%,rgb(0,117,62) 100%);margin-top:0;margin-bottom:0;padding-top:var(--wp--preset--spacing--50);padding-right:var(--wp--preset--spacing--50);padding-bottom:var(--wp--preset--spacing--50);padding-left:var(--wp--preset--spacing--50)\">\n<div class=\"wp-block-columns alignwide is-layout-flex wp-container-core-columns-is-layout-549b0c86 wp-block-columns-is-layout-flex\">\n<div class=\"wp-block-column is-layout-flow wp-block-column-is-layout-flow\" style=\"flex-basis:50%\">\n<figure class=\"wp-block-image size-full\" style=\"margin-right:var(--wp--preset--spacing--40);margin-left:var(--wp--preset--spacing--40)\"><img decoding=\"async\" src=\"http:\/\/choeurfrancochinoisdeparis.fr\/wp-content\/uploads\/2025\/01\/2-\u5173\u4e8e\u6211\u4eec-1-1.jpg\" alt=\"\" class=\"wp-image-217\" style=\"object-fit:cover\"\/><\/figure>\n<\/div>\n\n\n\n<div class=\"wp-block-column is-layout-flow wp-container-core-column-is-layout-119bc444 wp-block-column-is-layout-flow\" style=\"flex-basis:50%\">\n<h2 class=\"wp-block-heading has-ast-global-color-5-color has-text-color has-link-color has-x-large-font-size wp-elements-a56038626447a953f4709a844e83a498\">Pr\u00e9sentation du chef de ch\u0153ur<\/h2>\n\n\n\n<div class=\"wp-block-columns is-layout-flex wp-container-core-columns-is-layout-87beb0d0 wp-block-columns-is-layout-flex\">\n<div class=\"wp-block-column is-layout-flow wp-block-column-is-layout-flow\" style=\"flex-basis:150px\">\n<p class=\"has-ast-global-color-5-color has-text-color has-link-color wp-elements-3d4ded838d43380c0216e0bea08b7c4e wp-container-content-9cfa9a5a\"><strong>Parcours Musical et Formation<\/strong><\/p>\n<\/div>\n\n\n\n<div class=\"wp-block-column is-layout-flow wp-block-column-is-layout-flow\">\n<p class=\"has-ast-global-color-5-color has-text-color has-link-color wp-elements-d7bdd561dda4a64252361a3677e48554\">N\u00e9e au sein d\u2019une famille de musiciens en Chine, Tingting Chen a grandi dans un univers o\u00f9 la musique tenait une place centrale, son p\u00e8re \u00e9tant un compositeur reconnu. Tingting a d&rsquo;abord enseign\u00e9 au Conservatoire de Shanghai, partageant sa passion et son savoir, avant de poursuivre sa formation en France pour enrichir son expertise artistique. Form\u00e9e par les \u00e9minents Michael Gohl et Tim Brown, Tingting a \u00e9galement re\u00e7u le prestigieux \u00ab\u00a0Conductor Award\u00a0\u00bb au Festival International de Chant Choral de Nancy en 2005, une reconnaissance de son talent et de son approche novatrice.<\/p>\n\n\n\n<p><\/p>\n<\/div>\n<\/div>\n\n\n\n<div class=\"wp-block-columns is-layout-flex wp-container-core-columns-is-layout-87beb0d0 wp-block-columns-is-layout-flex\">\n<div class=\"wp-block-column is-layout-flow wp-block-column-is-layout-flow\" style=\"flex-basis:150px\">\n<p class=\"has-ast-global-color-5-color has-text-color has-link-color wp-elements-d360fb259d31ac59f48fd3cee0305611 wp-container-content-9cfa9a5a\"><strong>Activit\u00e9s Artistiques Actuelles<\/strong><\/p>\n<\/div>\n\n\n\n<div class=\"wp-block-column is-layout-flow wp-block-column-is-layout-flow\">\n<p class=\"has-ast-global-color-5-color has-text-color has-link-color wp-elements-532489164f4f1bbb80a91ebb99554484\">Aujourd&rsquo;hui install\u00e9e \u00e0 Paris, elle dirige le Ch\u0153ur Franco-Chinois de Paris pour adultes ainsi que le Ch\u0153ur d\u2019Enfants Jeunes Pousses, accueillant de jeunes choristes de 6 \u00e0 15 ans. Sous sa direction, ces ensembles explorent des r\u00e9pertoires vari\u00e9s, c\u00e9l\u00e9brant notamment les musiques folkloriques du monde entier. Convaincue que chaque culture enrichit l\u2019art du ch\u0153ur, elle introduit avec subtilit\u00e9 des m\u00e9lodies et harmonies inspir\u00e9es des musiques traditionnelles chinoises, en les fusionnant avec les nuances de la musique occidentale. Sa direction pr\u00e9cise et expressive refl\u00e8te une vision chorale o\u00f9 chaque voix trouve sa place, et o\u00f9 chaque culture peut briller en harmonie avec les autres, dans un esprit de partage et de cr\u00e9ation collective.<\/p>\n\n\n\n<p><\/p>\n<\/div>\n<\/div>\n<\/div>\n<\/div>\n<\/div>\n\n\n\n<div style=\"height:100px\" aria-hidden=\"true\" class=\"wp-block-spacer\"><\/div>\n\n\n\n<div class=\"wp-block-group alignfull has-base-background-color has-background is-layout-constrained wp-container-core-group-is-layout-d89aad35 wp-block-group-is-layout-constrained\" style=\"margin-top:0;margin-bottom:0;padding-top:var(--wp--preset--spacing--50);padding-right:var(--wp--preset--spacing--50);padding-bottom:var(--wp--preset--spacing--50);padding-left:var(--wp--preset--spacing--50)\">\n<div class=\"wp-block-columns alignwide is-layout-flex wp-container-core-columns-is-layout-549b0c86 wp-block-columns-is-layout-flex\">\n<div class=\"wp-block-column is-layout-flow wp-block-column-is-layout-flow\" style=\"flex-basis:50%\">\n<figure class=\"wp-block-image size-full\" style=\"margin-right:var(--wp--preset--spacing--40);margin-left:var(--wp--preset--spacing--40)\"><img loading=\"lazy\" decoding=\"async\" width=\"2560\" height=\"1753\" src=\"http:\/\/choeurfrancochinoisdeparis.fr\/wp-content\/uploads\/2025\/01\/2-\u5173\u4e8e\u6211\u4eec-2-scaled.jpg\" alt=\"\" class=\"wp-image-216\" style=\"object-fit:cover\" srcset=\"https:\/\/choeurfrancochinoisdeparis.fr\/wp-content\/uploads\/2025\/01\/2-\u5173\u4e8e\u6211\u4eec-2-scaled.jpg 2560w, https:\/\/choeurfrancochinoisdeparis.fr\/wp-content\/uploads\/2025\/01\/2-\u5173\u4e8e\u6211\u4eec-2-300x205.jpg 300w, https:\/\/choeurfrancochinoisdeparis.fr\/wp-content\/uploads\/2025\/01\/2-\u5173\u4e8e\u6211\u4eec-2-1024x701.jpg 1024w, https:\/\/choeurfrancochinoisdeparis.fr\/wp-content\/uploads\/2025\/01\/2-\u5173\u4e8e\u6211\u4eec-2-768x526.jpg 768w, https:\/\/choeurfrancochinoisdeparis.fr\/wp-content\/uploads\/2025\/01\/2-\u5173\u4e8e\u6211\u4eec-2-1536x1052.jpg 1536w, https:\/\/choeurfrancochinoisdeparis.fr\/wp-content\/uploads\/2025\/01\/2-\u5173\u4e8e\u6211\u4eec-2-2048x1403.jpg 2048w\" sizes=\"auto, (max-width: 2560px) 100vw, 2560px\" \/><\/figure>\n<\/div>\n\n\n\n<div class=\"wp-block-column is-layout-flow wp-container-core-column-is-layout-119bc444 wp-block-column-is-layout-flow\" style=\"flex-basis:50%\">\n<h2 class=\"wp-block-heading has-x-large-font-size\">Pr\u00e9sentation de l&rsquo;accompagnateur au piano<\/h2>\n\n\n\n<div class=\"wp-block-columns is-layout-flex wp-container-core-columns-is-layout-87beb0d0 wp-block-columns-is-layout-flex\">\n<div class=\"wp-block-column is-layout-flow wp-block-column-is-layout-flow\" style=\"flex-basis:150px\">\n<p class=\"wp-container-content-9cfa9a5a\"><strong>Parcours acad\u00e9mique international<\/strong><\/p>\n<\/div>\n\n\n\n<div class=\"wp-block-column is-layout-flow wp-block-column-is-layout-flow\">\n<p>Dipl\u00f4m\u00e9 de HEC Paris en Finance et de l\u2019Universit\u00e9 de Fudan \u00e0 Shanghai en Math\u00e9matiques, Qihang Zhang a une vie musicale riche, enrichie par ses exp\u00e9riences en tant que soliste, musicien de chambre et accompagnateur.<\/p>\n\n\n\n<p><\/p>\n<\/div>\n<\/div>\n\n\n\n<div class=\"wp-block-columns is-layout-flex wp-container-core-columns-is-layout-87beb0d0 wp-block-columns-is-layout-flex\">\n<div class=\"wp-block-column is-layout-flow wp-block-column-is-layout-flow\" style=\"flex-basis:150px\">\n<p class=\"wp-container-content-9cfa9a5a\"><strong>Exp\u00e9rience musicale vari\u00e9e<\/strong><\/p>\n<\/div>\n\n\n\n<div class=\"wp-block-column is-layout-flow wp-block-column-is-layout-flow\">\n<p>\u00c0 Fudan, il a \u00e9t\u00e9 \u00ab pianiste du campus \u00bb, cofondateur de l\u2019Association de Piano, et a jou\u00e9 dans l\u2019orchestre, tout en donnant des concerts solo. Il a \u00e9galement enseign\u00e9 le piano \u00e0 des \u00e9tudiants, certains ayant r\u00e9ussi leurs examens officiels. \u00c0 HEC Paris, il a continu\u00e9 \u00e0 participer \u00e0 des concerts, incluant des pi\u00e8ces en solo et en quatre mains.<\/p>\n\n\n\n<p><\/p>\n<\/div>\n<\/div>\n\n\n\n<div class=\"wp-block-columns is-layout-flex wp-container-core-columns-is-layout-87beb0d0 wp-block-columns-is-layout-flex\">\n<div class=\"wp-block-column is-layout-flow wp-block-column-is-layout-flow\" style=\"flex-basis:150px\">\n<p class=\"wp-container-content-9cfa9a5a\"><strong>Pianiste collaboratif engag\u00e9<\/strong><\/p>\n<\/div>\n\n\n\n<div class=\"wp-block-column is-layout-flow wp-block-column-is-layout-flow\">\n<p>D\u00e9tenteur du Niveau de R\u00e9cital de l\u2019Association des Musiciens de Shanghai, il excelle en piano collaboratif, adaptant son jeu aux nuances collectives. Son parcours international et ses nombreuses exp\u00e9riences musicales font de lui un musicien engag\u00e9, sensible aux dynamiques collectives.<\/p>\n<\/div>\n<\/div>\n<\/div>\n<\/div>\n<\/div>\n\n\n\n<p><\/p>\n","protected":false},"excerpt":{"rendered":"<p>Pr\u00e9sentation du ch\u0153ur Fondation et Direction Artistique Cr\u00e9\u00e9 en octobre 2023 par Kejian Wang et Tingting Chen, le Ch\u0153ur Franco-Chinois [&hellip;]<\/p>\n","protected":false},"author":1,"featured_media":0,"parent":0,"menu_order":0,"comment_status":"closed","ping_status":"closed","template":"","meta":{"site-sidebar-layout":"default","site-content-layout":"","ast-site-content-layout":"","site-content-style":"default","site-sidebar-style":"default","ast-global-header-display":"","ast-banner-title-visibility":"","ast-main-header-display":"","ast-hfb-above-header-display":"","ast-hfb-below-header-display":"","ast-hfb-mobile-header-display":"","site-post-title":"disabled","ast-breadcrumbs-content":"","ast-featured-img":"","footer-sml-layout":"","theme-transparent-header-meta":"","adv-header-id-meta":"","stick-header-meta":"","header-above-stick-meta":"","header-main-stick-meta":"","header-below-stick-meta":"","astra-migrate-meta-layouts":"default","ast-page-background-enabled":"default","ast-page-background-meta":{"desktop":{"background-color":"var(--ast-global-color-4)","background-image":"","background-repeat":"repeat","background-position":"center center","background-size":"auto","background-attachment":"scroll","background-type":"","background-media":"","overlay-type":"","overlay-color":"","overlay-opacity":"","overlay-gradient":""},"tablet":{"background-color":"","background-image":"","background-repeat":"repeat","background-position":"center center","background-size":"auto","background-attachment":"scroll","background-type":"","background-media":"","overlay-type":"","overlay-color":"","overlay-opacity":"","overlay-gradient":""},"mobile":{"background-color":"","background-image":"","background-repeat":"repeat","background-position":"center center","background-size":"auto","background-attachment":"scroll","background-type":"","background-media":"","overlay-type":"","overlay-color":"","overlay-opacity":"","overlay-gradient":""}},"ast-content-background-meta":{"desktop":{"background-color":"var(--ast-global-color-5)","background-image":"","background-repeat":"repeat","background-position":"center center","background-size":"auto","background-attachment":"scroll","background-type":"","background-media":"","overlay-type":"","overlay-color":"","overlay-opacity":"","overlay-gradient":""},"tablet":{"background-color":"var(--ast-global-color-5)","background-image":"","background-repeat":"repeat","background-position":"center center","background-size":"auto","background-attachment":"scroll","background-type":"","background-media":"","overlay-type":"","overlay-color":"","overlay-opacity":"","overlay-gradient":""},"mobile":{"background-color":"var(--ast-global-color-5)","background-image":"","background-repeat":"repeat","background-position":"center center","background-size":"auto","background-attachment":"scroll","background-type":"","background-media":"","overlay-type":"","overlay-color":"","overlay-opacity":"","overlay-gradient":""}},"footnotes":""},"class_list":["post-131","page","type-page","status-publish","hentry"],"_links":{"self":[{"href":"https:\/\/choeurfrancochinoisdeparis.fr\/index.php\/wp-json\/wp\/v2\/pages\/131","targetHints":{"allow":["GET"]}}],"collection":[{"href":"https:\/\/choeurfrancochinoisdeparis.fr\/index.php\/wp-json\/wp\/v2\/pages"}],"about":[{"href":"https:\/\/choeurfrancochinoisdeparis.fr\/index.php\/wp-json\/wp\/v2\/types\/page"}],"author":[{"embeddable":true,"href":"https:\/\/choeurfrancochinoisdeparis.fr\/index.php\/wp-json\/wp\/v2\/users\/1"}],"replies":[{"embeddable":true,"href":"https:\/\/choeurfrancochinoisdeparis.fr\/index.php\/wp-json\/wp\/v2\/comments?post=131"}],"version-history":[{"count":40,"href":"https:\/\/choeurfrancochinoisdeparis.fr\/index.php\/wp-json\/wp\/v2\/pages\/131\/revisions"}],"predecessor-version":[{"id":383,"href":"https:\/\/choeurfrancochinoisdeparis.fr\/index.php\/wp-json\/wp\/v2\/pages\/131\/revisions\/383"}],"wp:attachment":[{"href":"https:\/\/choeurfrancochinoisdeparis.fr\/index.php\/wp-json\/wp\/v2\/media?parent=131"}],"curies":[{"name":"wp","href":"https:\/\/api.w.org\/{rel}","templated":true}]}}