{"id":137,"date":"2024-12-30T15:13:20","date_gmt":"2024-12-30T14:13:20","guid":{"rendered":"http:\/\/choeurfrancochinoisdeparis.fr\/?page_id=137"},"modified":"2025-02-13T20:55:30","modified_gmt":"2025-02-13T19:55:30","slug":"concerts-fr","status":"publish","type":"page","link":"https:\/\/choeurfrancochinoisdeparis.fr\/index.php\/concerts-fr\/","title":{"rendered":"Concerts"},"content":{"rendered":"\n<div class=\"wp-block-group alignfull is-layout-constrained wp-container-core-group-is-layout-d89aad35 wp-block-group-is-layout-constrained\" style=\"margin-top:0;margin-bottom:0;padding-top:var(--wp--preset--spacing--50);padding-right:var(--wp--preset--spacing--50);padding-bottom:var(--wp--preset--spacing--50);padding-left:var(--wp--preset--spacing--50)\">\n<div class=\"wp-block-columns alignwide are-vertically-aligned-center is-layout-flex wp-container-core-columns-is-layout-47c06fe3 wp-block-columns-is-layout-flex\">\n<div class=\"wp-block-column is-vertically-aligned-center is-layout-flow wp-block-column-is-layout-flow\" style=\"flex-basis:50%\">\n<h1 class=\"wp-block-heading\">Concert L\u2019amour<\/h1>\n\n\n\n<p><strong>Date et heure<\/strong>: 29 JANVIER 20h30 \/ 2 F\u00c9VRIER 16h00<\/p>\n\n\n\n<p><strong>Lieu<\/strong>: \u00c9GLISE DE LA R\u00c9DEMPTION | 16 RUE CHAUCHAT, 75009 PARIS<\/p>\n\n\n\n<p>Pour la premi\u00e8re fois le guqin* va \u00eatre int\u00e9gr\u00e9 dans notre choeur ! Venez, \u00e9coutez et immergez-vous dans un univers oriental ! Cette fois ci, le Choeur franco-chinois de Paris vous fait d\u00e9couvrir un grand po\u00e8te chinois: Li Bai. Ayant err\u00e9 aux quatre coins de la Chine, sa nostalgie pour sa ville natale le conduisit \u00e0 \u00e9crire des po\u00e8mes bien connus de tous les Chinois tels que \u00ab Jing ye si \u00bb ou \u00ab Chang Xiang si \u00bb. Ne ratez pas ce moment et venez nombreux !!! <\/p>\n\n\n\n<p>*Le Gugin est un instrument \u00e0 corde qui existe depuis plus de 3000 ans et est class\u00e9 au patrimoine immat\u00e9riel de la Chine.<\/p>\n\n\n\n<div class=\"wp-block-buttons is-layout-flex wp-block-buttons-is-layout-flex\">\n<div class=\"wp-block-button\"><a class=\"wp-block-button__link wp-element-button\" href=\"http:\/\/choeurfrancochinoisdeparis.fr\/index.php\/2025\/02\/13\/concert-l-amour\/\">Plus d&rsquo;information<\/a><\/div>\n<\/div>\n<\/div>\n\n\n\n<div class=\"wp-block-column is-vertically-aligned-center is-layout-flow wp-block-column-is-layout-flow\" style=\"flex-basis:50%\">\n<figure class=\"wp-block-image size-full is-style-default\"><img loading=\"lazy\" decoding=\"async\" width=\"1279\" height=\"1810\" src=\"http:\/\/choeurfrancochinoisdeparis.fr\/wp-content\/uploads\/2025\/01\/2901734979999_.pic_.jpeg\" alt=\"\" class=\"wp-image-338\" style=\"aspect-ratio:3\/4;object-fit:cover\" srcset=\"https:\/\/choeurfrancochinoisdeparis.fr\/wp-content\/uploads\/2025\/01\/2901734979999_.pic_.jpeg 1279w, https:\/\/choeurfrancochinoisdeparis.fr\/wp-content\/uploads\/2025\/01\/2901734979999_.pic_-212x300.jpeg 212w, https:\/\/choeurfrancochinoisdeparis.fr\/wp-content\/uploads\/2025\/01\/2901734979999_.pic_-724x1024.jpeg 724w, https:\/\/choeurfrancochinoisdeparis.fr\/wp-content\/uploads\/2025\/01\/2901734979999_.pic_-768x1087.jpeg 768w, https:\/\/choeurfrancochinoisdeparis.fr\/wp-content\/uploads\/2025\/01\/2901734979999_.pic_-1085x1536.jpeg 1085w\" sizes=\"auto, (max-width: 1279px) 100vw, 1279px\" \/><\/figure>\n<\/div>\n<\/div>\n<\/div>\n\n\n\n<div class=\"wp-block-group alignfull is-layout-constrained wp-container-core-group-is-layout-d89aad35 wp-block-group-is-layout-constrained\" style=\"margin-top:0;margin-bottom:0;padding-top:var(--wp--preset--spacing--50);padding-right:var(--wp--preset--spacing--50);padding-bottom:var(--wp--preset--spacing--50);padding-left:var(--wp--preset--spacing--50)\">\n<div class=\"wp-block-columns alignwide are-vertically-aligned-center is-layout-flex wp-container-core-columns-is-layout-47c06fe3 wp-block-columns-is-layout-flex\">\n<div class=\"wp-block-column is-vertically-aligned-center is-layout-flow wp-block-column-is-layout-flow\" style=\"flex-basis:50%\">\n<h1 class=\"wp-block-heading\">Concert No\u00ebl 2024<\/h1>\n\n\n\n<p><strong>Date et heure<\/strong>: 14 DECEMBRE 20:00 2024<\/p>\n\n\n\n<p><strong>Lieu<\/strong>: PAROISSE SAINT MERRY | 76 rue de la verrerie, 75004 paris<\/p>\n\n\n\n<p>Un concert exceptionnel \u00e0 travers lequel l&rsquo;Occident et l&rsquo;Orient s&rsquo;unissent en musique pour c\u00e9l\u00e9brer la magie de No\u00ebl.<\/p>\n\n\n\n<div class=\"wp-block-buttons is-layout-flex wp-block-buttons-is-layout-flex\">\n<div class=\"wp-block-button\"><a class=\"wp-block-button__link wp-element-button\" href=\"https:\/\/www.paroissesaintmerry.fr\/post\/dimanche-14-d\u00e9cembre-2024-un-no\u00ebl-magique-po\u00e9tique-et-asiatique\">Plus d&rsquo;information<\/a><\/div>\n<\/div>\n<\/div>\n\n\n\n<div class=\"wp-block-column is-vertically-aligned-center is-layout-flow wp-block-column-is-layout-flow\" style=\"flex-basis:50%\">\n<figure class=\"wp-block-image size-full is-style-default\"><img loading=\"lazy\" decoding=\"async\" width=\"1414\" height=\"2000\" src=\"http:\/\/choeurfrancochinoisdeparis.fr\/wp-content\/uploads\/2025\/01\/05c460289aa19cd13305244ebf6deb2c.png\" alt=\"\" class=\"wp-image-340\" style=\"aspect-ratio:3\/4;object-fit:cover\" srcset=\"https:\/\/choeurfrancochinoisdeparis.fr\/wp-content\/uploads\/2025\/01\/05c460289aa19cd13305244ebf6deb2c.png 1414w, https:\/\/choeurfrancochinoisdeparis.fr\/wp-content\/uploads\/2025\/01\/05c460289aa19cd13305244ebf6deb2c-212x300.png 212w, https:\/\/choeurfrancochinoisdeparis.fr\/wp-content\/uploads\/2025\/01\/05c460289aa19cd13305244ebf6deb2c-724x1024.png 724w, https:\/\/choeurfrancochinoisdeparis.fr\/wp-content\/uploads\/2025\/01\/05c460289aa19cd13305244ebf6deb2c-768x1086.png 768w, https:\/\/choeurfrancochinoisdeparis.fr\/wp-content\/uploads\/2025\/01\/05c460289aa19cd13305244ebf6deb2c-1086x1536.png 1086w\" sizes=\"auto, (max-width: 1414px) 100vw, 1414px\" \/><\/figure>\n<\/div>\n<\/div>\n<\/div>\n\n\n\n<div class=\"wp-block-group alignfull has-background is-layout-flow wp-block-group-is-layout-flow\" style=\"background-color:#9dcd5a;padding-top:0;padding-right:0;padding-bottom:0;padding-left:0\">\n<figure class=\"wp-block-embed alignfull is-type-video is-provider-youtube wp-block-embed-youtube wp-embed-aspect-16-9 wp-has-aspect-ratio\"><div class=\"wp-block-embed__wrapper\">\n<div class=\"ast-oembed-container \" style=\"height: 100%;\"><iframe loading=\"lazy\" title=\"\u94c3\u513f\u54cd\u53ee\u5f53-\u7a7f\u8d8a\u65f6\u7a7a\u6765\u6572\u95e8\" width=\"500\" height=\"281\" src=\"https:\/\/www.youtube.com\/embed\/c83_Jm9ap4k?feature=oembed\" frameborder=\"0\" allow=\"accelerometer; autoplay; clipboard-write; encrypted-media; gyroscope; picture-in-picture; web-share\" referrerpolicy=\"strict-origin-when-cross-origin\" allowfullscreen><\/iframe><\/div>\n<\/div><\/figure>\n<\/div>\n\n\n\n<div class=\"wp-block-group alignfull is-layout-constrained wp-container-core-group-is-layout-d89aad35 wp-block-group-is-layout-constrained\" style=\"margin-top:0;margin-bottom:0;padding-top:var(--wp--preset--spacing--50);padding-right:var(--wp--preset--spacing--50);padding-bottom:var(--wp--preset--spacing--50);padding-left:var(--wp--preset--spacing--50)\">\n<div class=\"wp-block-columns alignwide are-vertically-aligned-center is-layout-flex wp-container-core-columns-is-layout-47c06fe3 wp-block-columns-is-layout-flex\">\n<div class=\"wp-block-column is-vertically-aligned-center is-layout-flow wp-block-column-is-layout-flow\" style=\"flex-basis:50%\">\n<h1 class=\"wp-block-heading\">F\u00eate de la music l VOIX SUR BERGES<\/h1>\n\n\n\n<p><strong>Date et heure<\/strong>: 23 JUIN 18:40 2024<\/p>\n\n\n\n<p><strong>Lieu<\/strong>: KISQUE \u00c0 MUSIQUE , JARDIN VILLEMIN | 114 quai de Valmy, Paris<\/p>\n<\/div>\n\n\n\n<div class=\"wp-block-column is-vertically-aligned-center is-layout-flow wp-block-column-is-layout-flow\" style=\"flex-basis:50%\">\n<figure class=\"wp-block-image size-full is-style-default\"><img loading=\"lazy\" decoding=\"async\" width=\"874\" height=\"1240\" src=\"http:\/\/choeurfrancochinoisdeparis.fr\/wp-content\/uploads\/2025\/01\/889b2dfd7c6adc606983219b4959bf80.jpg\" alt=\"\" class=\"wp-image-349\" style=\"aspect-ratio:3\/4;object-fit:cover\" srcset=\"https:\/\/choeurfrancochinoisdeparis.fr\/wp-content\/uploads\/2025\/01\/889b2dfd7c6adc606983219b4959bf80.jpg 874w, https:\/\/choeurfrancochinoisdeparis.fr\/wp-content\/uploads\/2025\/01\/889b2dfd7c6adc606983219b4959bf80-211x300.jpg 211w, https:\/\/choeurfrancochinoisdeparis.fr\/wp-content\/uploads\/2025\/01\/889b2dfd7c6adc606983219b4959bf80-722x1024.jpg 722w, https:\/\/choeurfrancochinoisdeparis.fr\/wp-content\/uploads\/2025\/01\/889b2dfd7c6adc606983219b4959bf80-768x1090.jpg 768w\" sizes=\"auto, (max-width: 874px) 100vw, 874px\" \/><\/figure>\n<\/div>\n<\/div>\n<\/div>\n\n\n\n<div class=\"wp-block-group alignfull is-layout-constrained wp-container-core-group-is-layout-d89aad35 wp-block-group-is-layout-constrained\" style=\"margin-top:0;margin-bottom:0;padding-top:var(--wp--preset--spacing--50);padding-right:var(--wp--preset--spacing--50);padding-bottom:var(--wp--preset--spacing--50);padding-left:var(--wp--preset--spacing--50)\">\n<div class=\"wp-block-columns alignwide are-vertically-aligned-center is-layout-flex wp-container-core-columns-is-layout-47c06fe3 wp-block-columns-is-layout-flex\">\n<div class=\"wp-block-column is-vertically-aligned-center is-layout-flow wp-block-column-is-layout-flow\" style=\"flex-basis:50%\">\n<h1 class=\"wp-block-heading\">Festival Internationale de Chant Choral de Paris<\/h1>\n\n\n\n<p><strong>Date et heure<\/strong>: 16 MARS 15:00 2024<\/p>\n\n\n\n<p><strong>Lieu<\/strong>: \u00c9GLISE DE MADELEINE<\/p>\n<\/div>\n\n\n\n<div class=\"wp-block-column is-vertically-aligned-center is-layout-flow wp-block-column-is-layout-flow\" style=\"flex-basis:50%\">\n<figure class=\"wp-block-image size-full is-style-default\"><img loading=\"lazy\" decoding=\"async\" width=\"1278\" height=\"1884\" src=\"http:\/\/choeurfrancochinoisdeparis.fr\/wp-content\/uploads\/2025\/01\/99b88f59593ad83bb059d7123003a86f.jpg\" alt=\"\" class=\"wp-image-352\" style=\"aspect-ratio:3\/4;object-fit:cover\" srcset=\"https:\/\/choeurfrancochinoisdeparis.fr\/wp-content\/uploads\/2025\/01\/99b88f59593ad83bb059d7123003a86f.jpg 1278w, https:\/\/choeurfrancochinoisdeparis.fr\/wp-content\/uploads\/2025\/01\/99b88f59593ad83bb059d7123003a86f-204x300.jpg 204w, https:\/\/choeurfrancochinoisdeparis.fr\/wp-content\/uploads\/2025\/01\/99b88f59593ad83bb059d7123003a86f-695x1024.jpg 695w, https:\/\/choeurfrancochinoisdeparis.fr\/wp-content\/uploads\/2025\/01\/99b88f59593ad83bb059d7123003a86f-768x1132.jpg 768w, https:\/\/choeurfrancochinoisdeparis.fr\/wp-content\/uploads\/2025\/01\/99b88f59593ad83bb059d7123003a86f-1042x1536.jpg 1042w\" sizes=\"auto, (max-width: 1278px) 100vw, 1278px\" \/><\/figure>\n<\/div>\n<\/div>\n<\/div>\n\n\n\n<div class=\"wp-block-group alignfull has-background is-layout-flow wp-block-group-is-layout-flow\" style=\"background-color:#9dcd5a;padding-top:0;padding-right:0;padding-bottom:0;padding-left:0\">\n<figure class=\"wp-block-embed alignfull is-type-video is-provider-youtube wp-block-embed-youtube wp-embed-aspect-16-9 wp-has-aspect-ratio\"><div class=\"wp-block-embed__wrapper\">\n<div class=\"ast-oembed-container \" style=\"height: 100%;\"><iframe loading=\"lazy\" title=\"\u57ce\u5357\u9001\u522b-2024\u739b\u5fb7\u7433\u5927\u6559\u5802\" width=\"500\" height=\"281\" src=\"https:\/\/www.youtube.com\/embed\/gWFW-_XUdrA?feature=oembed\" frameborder=\"0\" allow=\"accelerometer; autoplay; clipboard-write; encrypted-media; gyroscope; picture-in-picture; web-share\" referrerpolicy=\"strict-origin-when-cross-origin\" allowfullscreen><\/iframe><\/div>\n<\/div><\/figure>\n<\/div>\n\n\n\n<div class=\"wp-block-group alignfull is-layout-constrained wp-container-core-group-is-layout-d89aad35 wp-block-group-is-layout-constrained\" style=\"margin-top:0;margin-bottom:0;padding-top:var(--wp--preset--spacing--50);padding-right:var(--wp--preset--spacing--50);padding-bottom:var(--wp--preset--spacing--50);padding-left:var(--wp--preset--spacing--50)\">\n<div class=\"wp-block-columns alignwide are-vertically-aligned-center is-layout-flex wp-container-core-columns-is-layout-47c06fe3 wp-block-columns-is-layout-flex\">\n<div class=\"wp-block-column is-vertically-aligned-center is-layout-flow wp-block-column-is-layout-flow\" style=\"flex-basis:50%\">\n<h1 class=\"wp-block-heading\">Concert No\u00ebl 2023<\/h1>\n\n\n\n<p><strong>Date et heure<\/strong>: 10 DECEMBRE 16:00 2023<\/p>\n\n\n\n<p><strong>Lieu<\/strong>: \u00c9GLISE SAINT-PAUL SAINT-LOUIS<\/p>\n<\/div>\n\n\n\n<div class=\"wp-block-column is-vertically-aligned-center is-layout-flow wp-block-column-is-layout-flow\" style=\"flex-basis:50%\">\n<figure class=\"wp-block-image size-full is-style-default\"><img loading=\"lazy\" decoding=\"async\" width=\"1280\" height=\"1814\" src=\"http:\/\/choeurfrancochinoisdeparis.fr\/wp-content\/uploads\/2025\/01\/1901284b0fefb258958890df73ed9e9d.jpg\" alt=\"\" class=\"wp-image-357\" style=\"aspect-ratio:3\/4;object-fit:cover\" srcset=\"https:\/\/choeurfrancochinoisdeparis.fr\/wp-content\/uploads\/2025\/01\/1901284b0fefb258958890df73ed9e9d.jpg 1280w, https:\/\/choeurfrancochinoisdeparis.fr\/wp-content\/uploads\/2025\/01\/1901284b0fefb258958890df73ed9e9d-212x300.jpg 212w, https:\/\/choeurfrancochinoisdeparis.fr\/wp-content\/uploads\/2025\/01\/1901284b0fefb258958890df73ed9e9d-723x1024.jpg 723w, https:\/\/choeurfrancochinoisdeparis.fr\/wp-content\/uploads\/2025\/01\/1901284b0fefb258958890df73ed9e9d-768x1088.jpg 768w, https:\/\/choeurfrancochinoisdeparis.fr\/wp-content\/uploads\/2025\/01\/1901284b0fefb258958890df73ed9e9d-1084x1536.jpg 1084w\" sizes=\"auto, (max-width: 1280px) 100vw, 1280px\" \/><\/figure>\n<\/div>\n<\/div>\n<\/div>\n","protected":false},"excerpt":{"rendered":"<p>Concert L\u2019amour Date et heure: 29 JANVIER 20h30 \/ 2 F\u00c9VRIER 16h00 Lieu: \u00c9GLISE DE LA R\u00c9DEMPTION | 16 RUE [&hellip;]<\/p>\n","protected":false},"author":1,"featured_media":0,"parent":0,"menu_order":0,"comment_status":"closed","ping_status":"closed","template":"","meta":{"site-sidebar-layout":"default","site-content-layout":"","ast-site-content-layout":"","site-content-style":"default","site-sidebar-style":"default","ast-global-header-display":"","ast-banner-title-visibility":"","ast-main-header-display":"","ast-hfb-above-header-display":"","ast-hfb-below-header-display":"","ast-hfb-mobile-header-display":"","site-post-title":"disabled","ast-breadcrumbs-content":"","ast-featured-img":"","footer-sml-layout":"","theme-transparent-header-meta":"","adv-header-id-meta":"","stick-header-meta":"","header-above-stick-meta":"","header-main-stick-meta":"","header-below-stick-meta":"","astra-migrate-meta-layouts":"default","ast-page-background-enabled":"default","ast-page-background-meta":{"desktop":{"background-color":"var(--ast-global-color-4)","background-image":"","background-repeat":"repeat","background-position":"center center","background-size":"auto","background-attachment":"scroll","background-type":"","background-media":"","overlay-type":"","overlay-color":"","overlay-opacity":"","overlay-gradient":""},"tablet":{"background-color":"","background-image":"","background-repeat":"repeat","background-position":"center center","background-size":"auto","background-attachment":"scroll","background-type":"","background-media":"","overlay-type":"","overlay-color":"","overlay-opacity":"","overlay-gradient":""},"mobile":{"background-color":"","background-image":"","background-repeat":"repeat","background-position":"center center","background-size":"auto","background-attachment":"scroll","background-type":"","background-media":"","overlay-type":"","overlay-color":"","overlay-opacity":"","overlay-gradient":""}},"ast-content-background-meta":{"desktop":{"background-color":"var(--ast-global-color-5)","background-image":"","background-repeat":"repeat","background-position":"center center","background-size":"auto","background-attachment":"scroll","background-type":"","background-media":"","overlay-type":"","overlay-color":"","overlay-opacity":"","overlay-gradient":""},"tablet":{"background-color":"var(--ast-global-color-5)","background-image":"","background-repeat":"repeat","background-position":"center center","background-size":"auto","background-attachment":"scroll","background-type":"","background-media":"","overlay-type":"","overlay-color":"","overlay-opacity":"","overlay-gradient":""},"mobile":{"background-color":"var(--ast-global-color-5)","background-image":"","background-repeat":"repeat","background-position":"center center","background-size":"auto","background-attachment":"scroll","background-type":"","background-media":"","overlay-type":"","overlay-color":"","overlay-opacity":"","overlay-gradient":""}},"footnotes":""},"class_list":["post-137","page","type-page","status-publish","hentry"],"_links":{"self":[{"href":"https:\/\/choeurfrancochinoisdeparis.fr\/index.php\/wp-json\/wp\/v2\/pages\/137","targetHints":{"allow":["GET"]}}],"collection":[{"href":"https:\/\/choeurfrancochinoisdeparis.fr\/index.php\/wp-json\/wp\/v2\/pages"}],"about":[{"href":"https:\/\/choeurfrancochinoisdeparis.fr\/index.php\/wp-json\/wp\/v2\/types\/page"}],"author":[{"embeddable":true,"href":"https:\/\/choeurfrancochinoisdeparis.fr\/index.php\/wp-json\/wp\/v2\/users\/1"}],"replies":[{"embeddable":true,"href":"https:\/\/choeurfrancochinoisdeparis.fr\/index.php\/wp-json\/wp\/v2\/comments?post=137"}],"version-history":[{"count":15,"href":"https:\/\/choeurfrancochinoisdeparis.fr\/index.php\/wp-json\/wp\/v2\/pages\/137\/revisions"}],"predecessor-version":[{"id":374,"href":"https:\/\/choeurfrancochinoisdeparis.fr\/index.php\/wp-json\/wp\/v2\/pages\/137\/revisions\/374"}],"wp:attachment":[{"href":"https:\/\/choeurfrancochinoisdeparis.fr\/index.php\/wp-json\/wp\/v2\/media?parent=137"}],"curies":[{"name":"wp","href":"https:\/\/api.w.org\/{rel}","templated":true}]}}