{"id":21,"date":"2024-12-07T19:38:04","date_gmt":"2024-12-07T18:38:04","guid":{"rendered":"http:\/\/cfcdpfg.cluster029.hosting.ovh.net\/?page_id=21"},"modified":"2025-11-26T20:14:34","modified_gmt":"2025-11-26T19:14:34","slug":"home-fr","status":"publish","type":"page","link":"https:\/\/choeurfrancochinoisdeparis.fr\/","title":{"rendered":"Accueil"},"content":{"rendered":"\n<div class=\"wp-block-cover alignfull\"><span aria-hidden=\"true\" class=\"wp-block-cover__background has-background-dim-40 has-background-dim wp-block-cover__gradient-background has-background-gradient\" style=\"background:linear-gradient(180deg,rgb(157,205,90) 0%,rgb(0,117,62) 100%)\"><\/span><img loading=\"lazy\" decoding=\"async\" width=\"2560\" height=\"1417\" class=\"wp-block-cover__image-background wp-image-169\" alt=\"\" src=\"http:\/\/choeurfrancochinoisdeparis.fr\/wp-content\/uploads\/2024\/12\/1-\u9996\u9875-1-scaled.jpg\" data-object-fit=\"cover\" srcset=\"https:\/\/choeurfrancochinoisdeparis.fr\/wp-content\/uploads\/2024\/12\/1-\u9996\u9875-1-scaled.jpg 2560w, https:\/\/choeurfrancochinoisdeparis.fr\/wp-content\/uploads\/2024\/12\/1-\u9996\u9875-1-300x166.jpg 300w, https:\/\/choeurfrancochinoisdeparis.fr\/wp-content\/uploads\/2024\/12\/1-\u9996\u9875-1-1024x567.jpg 1024w, https:\/\/choeurfrancochinoisdeparis.fr\/wp-content\/uploads\/2024\/12\/1-\u9996\u9875-1-768x425.jpg 768w, https:\/\/choeurfrancochinoisdeparis.fr\/wp-content\/uploads\/2024\/12\/1-\u9996\u9875-1-1536x850.jpg 1536w, https:\/\/choeurfrancochinoisdeparis.fr\/wp-content\/uploads\/2024\/12\/1-\u9996\u9875-1-2048x1133.jpg 2048w\" sizes=\"auto, (max-width: 2560px) 100vw, 2560px\" \/><div class=\"wp-block-cover__inner-container is-layout-flow wp-block-cover-is-layout-flow\">\n<p><\/p>\n<\/div><\/div>\n\n\n\n<div class=\"wp-block-group alignfull is-layout-constrained wp-container-core-group-is-layout-d89aad35 wp-block-group-is-layout-constrained\" style=\"margin-top:0;margin-bottom:0;padding-top:var(--wp--preset--spacing--50);padding-right:var(--wp--preset--spacing--50);padding-bottom:var(--wp--preset--spacing--50);padding-left:var(--wp--preset--spacing--50)\">\n<div class=\"wp-block-columns alignwide are-vertically-aligned-center is-layout-flex wp-container-core-columns-is-layout-47c06fe3 wp-block-columns-is-layout-flex\">\n<div class=\"wp-block-column is-vertically-aligned-center is-layout-flow wp-block-column-is-layout-flow\" style=\"flex-basis:50%\">\n<h2 class=\"wp-block-heading\">Qui sommes-nous ?<\/h2>\n\n\n\n<p><br>Le Ch\u0153ur Franco-Chinois de Paris rassemble des chinois r\u00e9sidant \u00e0 Paris et unis par l\u2019envie de partager leur culture et leur passion pour la musique chorale. Sous la direction inspir\u00e9e de Tingting Chen, dipl\u00f4m\u00e9e du Conservatoire de musique de Shanghai, ce ch\u0153ur met la barre haut, visant une qualit\u00e9 artistique qui s&rsquo;approche des standards professionnels. Avec l&rsquo;accompagnement d&rsquo;un pianiste et d&rsquo;une harpiste, le ch\u0153ur s\u2019engage \u00e0 offrir des performances musicales uniques et \u00e9mouvantes.<\/p>\n\n\n\n<p><\/p>\n\n\n\n<div class=\"wp-block-buttons is-layout-flex wp-block-buttons-is-layout-flex\">\n<div class=\"wp-block-button\"><a class=\"wp-block-button__link wp-element-button\" href=\"http:\/\/choeurfrancochinoisdeparis.fr\/index.php\/about-us-fr\/\">NOS HISTOIRES<\/a><\/div>\n\n\n\n<div class=\"wp-block-button is-style-outline is-style-outline--1\"><a class=\"wp-block-button__link wp-element-button\" href=\"http:\/\/choeurfrancochinoisdeparis.fr\/index.php\/about-us-fr\/\">NOS MEMBRES<\/a><\/div>\n<\/div>\n<\/div>\n\n\n\n<div class=\"wp-block-column is-vertically-aligned-center is-layout-flow wp-block-column-is-layout-flow\" style=\"flex-basis:50%\">\n<figure class=\"wp-block-image size-full is-style-default\"><img loading=\"lazy\" decoding=\"async\" width=\"2470\" height=\"1638\" src=\"http:\/\/choeurfrancochinoisdeparis.fr\/wp-content\/uploads\/2024\/12\/1-\u9996\u9875-2.jpg\" alt=\"\" class=\"wp-image-170\" style=\"aspect-ratio:4\/3;object-fit:cover\" srcset=\"https:\/\/choeurfrancochinoisdeparis.fr\/wp-content\/uploads\/2024\/12\/1-\u9996\u9875-2.jpg 2470w, https:\/\/choeurfrancochinoisdeparis.fr\/wp-content\/uploads\/2024\/12\/1-\u9996\u9875-2-300x199.jpg 300w, https:\/\/choeurfrancochinoisdeparis.fr\/wp-content\/uploads\/2024\/12\/1-\u9996\u9875-2-1024x679.jpg 1024w, https:\/\/choeurfrancochinoisdeparis.fr\/wp-content\/uploads\/2024\/12\/1-\u9996\u9875-2-768x509.jpg 768w, https:\/\/choeurfrancochinoisdeparis.fr\/wp-content\/uploads\/2024\/12\/1-\u9996\u9875-2-1536x1019.jpg 1536w, https:\/\/choeurfrancochinoisdeparis.fr\/wp-content\/uploads\/2024\/12\/1-\u9996\u9875-2-2048x1358.jpg 2048w\" sizes=\"auto, (max-width: 2470px) 100vw, 2470px\" \/><\/figure>\n<\/div>\n<\/div>\n<\/div>\n\n\n\n<div class=\"wp-block-group alignfull has-background is-layout-flow wp-block-group-is-layout-flow\" style=\"background-color:#9dcd5a;padding-top:0;padding-right:0;padding-bottom:0;padding-left:0\">\n<figure class=\"wp-block-embed alignfull is-type-video is-provider-youtube wp-block-embed-youtube wp-embed-aspect-16-9 wp-has-aspect-ratio\"><div class=\"wp-block-embed__wrapper\">\n<div class=\"ast-oembed-container \" style=\"height: 100%;\"><iframe loading=\"lazy\" title=\"The Music\u2019s Always There With You\" width=\"500\" height=\"281\" src=\"https:\/\/www.youtube.com\/embed\/NxyY_l8TsgA?feature=oembed\" frameborder=\"0\" allow=\"accelerometer; autoplay; clipboard-write; encrypted-media; gyroscope; picture-in-picture; web-share\" referrerpolicy=\"strict-origin-when-cross-origin\" allowfullscreen><\/iframe><\/div>\n<\/div><\/figure>\n<\/div>\n\n\n\n<div class=\"wp-block-group alignfull has-background is-layout-constrained wp-container-core-group-is-layout-190373c5 wp-block-group-is-layout-constrained\" style=\"background:linear-gradient(180deg,rgb(157,205,90) 0%,rgb(0,117,62) 100%);margin-top:0;margin-bottom:0;padding-top:var(--wp--preset--spacing--50);padding-bottom:var(--wp--preset--spacing--50)\">\n<div class=\"wp-block-group alignwide is-content-justification-left is-layout-constrained wp-container-core-group-is-layout-12dd3699 wp-block-group-is-layout-constrained\">\n<h2 class=\"wp-block-heading has-ast-global-color-5-color has-text-color has-link-color has-x-large-font-size wp-elements-129932ae0d4eace653af5f1b41c4ee51\">Concerts<\/h2>\n<\/div>\n\n\n\n<div class=\"wp-block-columns alignwide is-layout-flex wp-container-core-columns-is-layout-cdebebb7 wp-block-columns-is-layout-flex\" style=\"padding-top:0;padding-bottom:0\">\n<div class=\"wp-block-column is-layout-flow wp-container-core-column-is-layout-8ad66c59 wp-block-column-is-layout-flow\" style=\"padding-top:var(--wp--preset--spacing--70)\">\n<figure class=\"wp-block-image size-full is-resized\"><img loading=\"lazy\" decoding=\"async\" width=\"1170\" height=\"806\" src=\"http:\/\/choeurfrancochinoisdeparis.fr\/wp-content\/uploads\/2025\/01\/IMG_1793.jpg\" alt=\"\" class=\"wp-image-257\" style=\"aspect-ratio:4\/3;object-fit:cover;width:1024px\" srcset=\"https:\/\/choeurfrancochinoisdeparis.fr\/wp-content\/uploads\/2025\/01\/IMG_1793.jpg 1170w, https:\/\/choeurfrancochinoisdeparis.fr\/wp-content\/uploads\/2025\/01\/IMG_1793-300x207.jpg 300w, https:\/\/choeurfrancochinoisdeparis.fr\/wp-content\/uploads\/2025\/01\/IMG_1793-1024x705.jpg 1024w, https:\/\/choeurfrancochinoisdeparis.fr\/wp-content\/uploads\/2025\/01\/IMG_1793-768x529.jpg 768w\" sizes=\"auto, (max-width: 1170px) 100vw, 1170px\" \/><\/figure>\n\n\n\n<div class=\"wp-block-group has-ast-global-color-5-color has-text-color has-link-color wp-elements-d92fd86b2c6e04c36367987f664fecac is-vertical is-layout-flex wp-container-core-group-is-layout-971a3e1f wp-block-group-is-layout-flex\" style=\"padding-top:var(--wp--preset--spacing--30)\">\n<h3 class=\"wp-block-heading has-ast-global-color-5-color has-text-color has-link-color wp-elements-c2c3402e1929f5b09fb13073c0963c69\" style=\"padding-top:var(--wp--preset--spacing--20)\">Concert l&rsquo;Amour<\/h3>\n\n\n\n<p class=\"has-accent-4-color has-text-color has-link-color has-medium-font-size wp-elements-5cc37abf9781962bc993d764a20da841\">Lieu: \u00c9glise de la R\u00e9temption<br>Horaires: 16h00, le 2 f\u00e9vrier 2025<\/p>\n\n\n\n<p><\/p>\n<\/div>\n\n\n\n<div class=\"wp-block-buttons is-layout-flex wp-block-buttons-is-layout-flex\">\n<div class=\"wp-block-button\"><a class=\"wp-block-button__link wp-element-button\" href=\"http:\/\/choeurfrancochinoisdeparis.fr\/index.php\/2024\/12\/07\/bonjour-tout-le-monde\/\">HIGHLIGHTS<\/a><\/div>\n<\/div>\n<\/div>\n\n\n\n<div class=\"wp-block-column is-layout-flow wp-container-core-column-is-layout-8ad66c59 wp-block-column-is-layout-flow\" style=\"padding-top:var(--wp--preset--spacing--70)\">\n<figure class=\"wp-block-image size-full is-resized\"><img loading=\"lazy\" decoding=\"async\" width=\"1170\" height=\"806\" src=\"http:\/\/choeurfrancochinoisdeparis.fr\/wp-content\/uploads\/2025\/01\/IMG_1793.jpg\" alt=\"\" class=\"wp-image-257\" style=\"aspect-ratio:4\/3;object-fit:cover;width:1024px\" srcset=\"https:\/\/choeurfrancochinoisdeparis.fr\/wp-content\/uploads\/2025\/01\/IMG_1793.jpg 1170w, https:\/\/choeurfrancochinoisdeparis.fr\/wp-content\/uploads\/2025\/01\/IMG_1793-300x207.jpg 300w, https:\/\/choeurfrancochinoisdeparis.fr\/wp-content\/uploads\/2025\/01\/IMG_1793-1024x705.jpg 1024w, https:\/\/choeurfrancochinoisdeparis.fr\/wp-content\/uploads\/2025\/01\/IMG_1793-768x529.jpg 768w\" sizes=\"auto, (max-width: 1170px) 100vw, 1170px\" \/><\/figure>\n\n\n\n<div class=\"wp-block-group has-ast-global-color-5-color has-text-color has-link-color wp-elements-5f6fb20fafb006cd2a7f477ebf982422 is-vertical is-layout-flex wp-container-core-group-is-layout-971a3e1f wp-block-group-is-layout-flex\" style=\"padding-top:var(--wp--preset--spacing--30)\">\n<h3 class=\"wp-block-heading has-ast-global-color-5-color has-text-color has-link-color wp-elements-c2c3402e1929f5b09fb13073c0963c69\" style=\"padding-top:var(--wp--preset--spacing--20)\">Concert l&rsquo;Amour<\/h3>\n\n\n\n<p class=\"has-accent-4-color has-text-color has-link-color has-medium-font-size wp-elements-25c0ffbc9b4ae3e6294ef4bcf8e54c5d\">Lieu: \u00c9glise de la R\u00e9temption<br>Horaires: 20h30, le 29 janvier 2025<\/p>\n\n\n\n<p><\/p>\n<\/div>\n\n\n\n<div class=\"wp-block-buttons is-layout-flex wp-block-buttons-is-layout-flex\">\n<div class=\"wp-block-button\"><a class=\"wp-block-button__link wp-element-button\" href=\"http:\/\/choeurfrancochinoisdeparis.fr\/index.php\/2025\/02\/13\/concert-l-amour\/\">HIGHLIGHTS<\/a><\/div>\n<\/div>\n<\/div>\n\n\n\n<div class=\"wp-block-column is-layout-flow wp-container-core-column-is-layout-8ad66c59 wp-block-column-is-layout-flow\" style=\"padding-top:var(--wp--preset--spacing--70)\">\n<figure class=\"wp-block-image size-full is-resized\"><img loading=\"lazy\" decoding=\"async\" width=\"1440\" height=\"960\" src=\"http:\/\/choeurfrancochinoisdeparis.fr\/wp-content\/uploads\/2024\/12\/IMG_1513.jpg\" alt=\"\" class=\"wp-image-195\" style=\"aspect-ratio:4\/3;object-fit:cover;width:1024px\" srcset=\"https:\/\/choeurfrancochinoisdeparis.fr\/wp-content\/uploads\/2024\/12\/IMG_1513.jpg 1440w, https:\/\/choeurfrancochinoisdeparis.fr\/wp-content\/uploads\/2024\/12\/IMG_1513-300x200.jpg 300w, https:\/\/choeurfrancochinoisdeparis.fr\/wp-content\/uploads\/2024\/12\/IMG_1513-1024x683.jpg 1024w, https:\/\/choeurfrancochinoisdeparis.fr\/wp-content\/uploads\/2024\/12\/IMG_1513-768x512.jpg 768w\" sizes=\"auto, (max-width: 1440px) 100vw, 1440px\" \/><\/figure>\n\n\n\n<div class=\"wp-block-group is-vertical is-layout-flex wp-container-core-group-is-layout-971a3e1f wp-block-group-is-layout-flex\" style=\"padding-top:var(--wp--preset--spacing--30)\">\n<h3 class=\"wp-block-heading has-ast-global-color-5-color has-text-color has-link-color wp-elements-1827d1108776bd4197221caac1798e09\" style=\"padding-top:var(--wp--preset--spacing--20)\">Concert de No\u00ebl<\/h3>\n\n\n\n<p class=\"has-ast-global-color-5-color has-text-color has-link-color has-medium-font-size wp-elements-e24ff678d3fb0abba7af6249370035a2\">Lieu: \u00c9glise Saint-Merry<br>Horaires: 19h30, le 14 d\u00e9cembre 2024<\/p>\n\n\n\n<p class=\"has-ast-global-color-5-color has-text-color has-link-color wp-elements-041961107d87c9d9f91e7ccdc2262c67\"><\/p>\n<\/div>\n\n\n\n<div class=\"wp-block-buttons is-layout-flex wp-block-buttons-is-layout-flex\">\n<div class=\"wp-block-button\"><a class=\"wp-block-button__link wp-element-button\" href=\"http:\/\/choeurfrancochinoisdeparis.fr\/index.php\/concerts-fr\/\">HIGHLIGHTS<\/a><\/div>\n<\/div>\n<\/div>\n<\/div>\n<\/div>\n\n\n\n<div class=\"wp-block-group alignfull has-background is-layout-constrained wp-container-core-group-is-layout-d89aad35 wp-block-group-is-layout-constrained\" style=\"background:linear-gradient(180deg,rgb(157,205,90) 0%,rgb(0,117,62) 100%);margin-top:0;margin-bottom:0;padding-top:var(--wp--preset--spacing--50);padding-right:var(--wp--preset--spacing--50);padding-bottom:var(--wp--preset--spacing--50);padding-left:var(--wp--preset--spacing--50)\">\n<div class=\"wp-block-columns alignwide is-layout-flex wp-container-core-columns-is-layout-1da03c2a wp-block-columns-is-layout-flex\">\n<div class=\"wp-block-column is-vertically-aligned-center is-layout-flow wp-block-column-is-layout-flow\" style=\"flex-basis:60%\">\n<div class=\"wp-block-cover is-light wp-duotone-varpresetduotoneduotone-1-2\"><img loading=\"lazy\" decoding=\"async\" width=\"1024\" height=\"1024\" class=\"wp-block-cover__image-background wp-image-175\" alt=\"\" src=\"http:\/\/choeurfrancochinoisdeparis.fr\/wp-content\/uploads\/2024\/12\/1-\u9996\u9875-7.jpg\" data-object-fit=\"cover\" srcset=\"https:\/\/choeurfrancochinoisdeparis.fr\/wp-content\/uploads\/2024\/12\/1-\u9996\u9875-7.jpg 1024w, https:\/\/choeurfrancochinoisdeparis.fr\/wp-content\/uploads\/2024\/12\/1-\u9996\u9875-7-300x300.jpg 300w, https:\/\/choeurfrancochinoisdeparis.fr\/wp-content\/uploads\/2024\/12\/1-\u9996\u9875-7-150x150.jpg 150w, https:\/\/choeurfrancochinoisdeparis.fr\/wp-content\/uploads\/2024\/12\/1-\u9996\u9875-7-768x768.jpg 768w\" sizes=\"auto, (max-width: 1024px) 100vw, 1024px\" \/><span aria-hidden=\"true\" class=\"wp-block-cover__background has-background-dim-20 has-background-dim\" style=\"background-color:#a18462\"><\/span><div class=\"wp-block-cover__inner-container is-layout-flow wp-block-cover-is-layout-flow\">\n<p><\/p>\n\n\n\n<p><\/p>\n\n\n\n<p><\/p>\n\n\n\n<p><\/p>\n\n\n\n<p><\/p>\n\n\n\n<p><br><br><br><br><br><br><br><br><br><br><br><\/p>\n\n\n\n<h2 class=\"wp-block-heading has-text-align-left has-ast-global-color-5-color has-text-color has-link-color has-large-font-size wp-elements-ea15cab87c4fe0743a01856b4cda74e6\">Chantons ensemble!<\/h2>\n<\/div><\/div>\n<\/div>\n\n\n\n<div class=\"wp-block-column has-ast-global-color-5-color has-text-color has-link-color wp-elements-8a237da3b18c25b79ed3d677c03d6c57 is-layout-flow wp-block-column-is-layout-flow\" style=\"flex-basis:40%\">\n<h4 class=\"wp-block-heading has-ast-global-color-5-color has-text-color has-link-color wp-elements-878c1aaf17a2e4ec64cb548ddf557214\">Contact<\/h4>\n\n\n\n<p class=\"has-ast-global-color-5-color has-text-color has-link-color wp-elements-71819ab7e38e63f6287879914a1621ef\"><a href=\"mailto:bureau.cfcp@gmail.com\">bureau.cfcp@gmail.com<\/a><\/p>\n\n\n\n<h4 class=\"wp-block-heading has-ast-global-color-5-color has-text-color has-link-color wp-elements-15f7ade0fc706a0bc18b12fe0d03f8bf\">M\u00e9dias sociaux<\/h4>\n\n\n\n<figure class=\"wp-block-image alignleft size-large\"><img loading=\"lazy\" decoding=\"async\" width=\"1024\" height=\"371\" src=\"http:\/\/choeurfrancochinoisdeparis.fr\/wp-content\/uploads\/2025\/01\/IMG_4227-1024x371.jpg\" alt=\"\" class=\"wp-image-334\" srcset=\"https:\/\/choeurfrancochinoisdeparis.fr\/wp-content\/uploads\/2025\/01\/IMG_4227-1024x371.jpg 1024w, https:\/\/choeurfrancochinoisdeparis.fr\/wp-content\/uploads\/2025\/01\/IMG_4227-300x109.jpg 300w, https:\/\/choeurfrancochinoisdeparis.fr\/wp-content\/uploads\/2025\/01\/IMG_4227-768x278.jpg 768w, https:\/\/choeurfrancochinoisdeparis.fr\/wp-content\/uploads\/2025\/01\/IMG_4227-1536x556.jpg 1536w, https:\/\/choeurfrancochinoisdeparis.fr\/wp-content\/uploads\/2025\/01\/IMG_4227.jpg 1607w\" sizes=\"auto, (max-width: 1024px) 100vw, 1024px\" \/><\/figure>\n<\/div>\n<\/div>\n<\/div>\n","protected":false},"excerpt":{"rendered":"","protected":false},"author":1,"featured_media":0,"parent":0,"menu_order":0,"comment_status":"closed","ping_status":"closed","template":"","meta":{"site-sidebar-layout":"default","site-content-layout":"","ast-site-content-layout":"","site-content-style":"default","site-sidebar-style":"default","ast-global-header-display":"","ast-banner-title-visibility":"","ast-main-header-display":"","ast-hfb-above-header-display":"","ast-hfb-below-header-display":"","ast-hfb-mobile-header-display":"","site-post-title":"disabled","ast-breadcrumbs-content":"","ast-featured-img":"","footer-sml-layout":"","theme-transparent-header-meta":"","adv-header-id-meta":"","stick-header-meta":"","header-above-stick-meta":"","header-main-stick-meta":"","header-below-stick-meta":"","astra-migrate-meta-layouts":"default","ast-page-background-enabled":"default","ast-page-background-meta":{"desktop":{"background-color":"var(--ast-global-color-4)","background-image":"","background-repeat":"repeat","background-position":"center center","background-size":"auto","background-attachment":"scroll","background-type":"","background-media":"","overlay-type":"","overlay-color":"","overlay-opacity":"","overlay-gradient":""},"tablet":{"background-color":"","background-image":"","background-repeat":"repeat","background-position":"center center","background-size":"auto","background-attachment":"scroll","background-type":"","background-media":"","overlay-type":"","overlay-color":"","overlay-opacity":"","overlay-gradient":""},"mobile":{"background-color":"","background-image":"","background-repeat":"repeat","background-position":"center center","background-size":"auto","background-attachment":"scroll","background-type":"","background-media":"","overlay-type":"","overlay-color":"","overlay-opacity":"","overlay-gradient":""}},"ast-content-background-meta":{"desktop":{"background-color":"var(--ast-global-color-5)","background-image":"","background-repeat":"repeat","background-position":"center center","background-size":"auto","background-attachment":"scroll","background-type":"","background-media":"","overlay-type":"","overlay-color":"","overlay-opacity":"","overlay-gradient":""},"tablet":{"background-color":"var(--ast-global-color-5)","background-image":"","background-repeat":"repeat","background-position":"center center","background-size":"auto","background-attachment":"scroll","background-type":"","background-media":"","overlay-type":"","overlay-color":"","overlay-opacity":"","overlay-gradient":""},"mobile":{"background-color":"var(--ast-global-color-5)","background-image":"","background-repeat":"repeat","background-position":"center center","background-size":"auto","background-attachment":"scroll","background-type":"","background-media":"","overlay-type":"","overlay-color":"","overlay-opacity":"","overlay-gradient":""}},"footnotes":""},"class_list":["post-21","page","type-page","status-publish","hentry"],"_links":{"self":[{"href":"https:\/\/choeurfrancochinoisdeparis.fr\/index.php\/wp-json\/wp\/v2\/pages\/21","targetHints":{"allow":["GET"]}}],"collection":[{"href":"https:\/\/choeurfrancochinoisdeparis.fr\/index.php\/wp-json\/wp\/v2\/pages"}],"about":[{"href":"https:\/\/choeurfrancochinoisdeparis.fr\/index.php\/wp-json\/wp\/v2\/types\/page"}],"author":[{"embeddable":true,"href":"https:\/\/choeurfrancochinoisdeparis.fr\/index.php\/wp-json\/wp\/v2\/users\/1"}],"replies":[{"embeddable":true,"href":"https:\/\/choeurfrancochinoisdeparis.fr\/index.php\/wp-json\/wp\/v2\/comments?post=21"}],"version-history":[{"count":28,"href":"https:\/\/choeurfrancochinoisdeparis.fr\/index.php\/wp-json\/wp\/v2\/pages\/21\/revisions"}],"predecessor-version":[{"id":328,"href":"https:\/\/choeurfrancochinoisdeparis.fr\/index.php\/wp-json\/wp\/v2\/pages\/21\/revisions\/328"}],"wp:attachment":[{"href":"https:\/\/choeurfrancochinoisdeparis.fr\/index.php\/wp-json\/wp\/v2\/media?parent=21"}],"curies":[{"name":"wp","href":"https:\/\/api.w.org\/{rel}","templated":true}]}}